{"id":1099,"date":"2023-12-22T19:17:47","date_gmt":"2023-12-22T18:17:47","guid":{"rendered":"https:\/\/www.omasgegenrechts-dresden.de\/?page_id=1099"},"modified":"2026-01-09T10:20:01","modified_gmt":"2026-01-09T09:20:01","slug":"omas-gegen-rechts-dresden-5-letzte-beitraege-mit-kl-bild-rechts","status":"publish","type":"page","link":"https:\/\/www.omasgegenrechts-dresden.de\/","title":{"rendered":"OMAS GEGEN RECHTS.DRESDEN"},"content":{"rendered":"\n<div class=\"wp-block-columns is-layout-flex wp-container-core-columns-is-layout-8f761849 wp-block-columns-is-layout-flex\">\n<div class=\"wp-block-column is-vertically-aligned-center is-layout-flow wp-block-column-is-layout-flow\" style=\"flex-basis:70%\">\n<p class=\"has-text-align-left wp-block-paragraph\">OMAS GEGEN RECHTS.DRESDEN ist eine Gruppe aktiver Frauen, die ihre Stimme gemeinsam f\u00fcr die Zukunft der Kinder und Enkel erheben. <\/p>\n<\/div>\n\n\n\n<div class=\"wp-block-column is-vertically-aligned-center is-layout-flow wp-block-column-is-layout-flow\" style=\"flex-basis:30%\"><div class=\"wp-block-image\">\n<figure class=\"aligncenter size-full is-resized\"><img loading=\"lazy\" decoding=\"async\" width=\"600\" height=\"600\" src=\"https:\/\/www.omasgegenrechts-dresden.de\/wp-content\/uploads\/2024\/01\/omas_button_transp_600.png\" alt=\"OMAS GEGEN RECHTS.DRESDEN Logo\" class=\"wp-image-1146\" style=\"width:160px\" srcset=\"https:\/\/www.omasgegenrechts-dresden.de\/wp-content\/uploads\/2024\/01\/omas_button_transp_600.png 600w, https:\/\/www.omasgegenrechts-dresden.de\/wp-content\/uploads\/2024\/01\/omas_button_transp_600-300x300.png 300w, https:\/\/www.omasgegenrechts-dresden.de\/wp-content\/uploads\/2024\/01\/omas_button_transp_600-150x150.png 150w\" sizes=\"auto, (max-width: 600px) 100vw, 600px\" \/><\/figure>\n<\/div><\/div>\n<\/div>\n\n\n\n<div class=\"wp-block-media-text is-stacked-on-mobile\" style=\"grid-template-columns:41% auto\"><figure class=\"wp-block-media-text__media\"><img loading=\"lazy\" decoding=\"async\" width=\"568\" height=\"806\" src=\"https:\/\/www.omasgegenrechts-dresden.de\/wp-content\/uploads\/2021\/11\/Picture3.jpg\" alt=\"Wir OMAS GEGEN RECHTS.DRESDEN sind eine Gruppe aktiver Frauen, die ihre Stimme gemeinsam f\u00fcr die Zukunft unserer Kinder und Enkel erheben.\" class=\"wp-image-88 size-full\" srcset=\"https:\/\/www.omasgegenrechts-dresden.de\/wp-content\/uploads\/2021\/11\/Picture3.jpg 568w, https:\/\/www.omasgegenrechts-dresden.de\/wp-content\/uploads\/2021\/11\/Picture3-211x300.jpg 211w, https:\/\/www.omasgegenrechts-dresden.de\/wp-content\/uploads\/2021\/11\/Picture3-300x426.jpg 300w\" sizes=\"auto, (max-width: 568px) 100vw, 568px\" \/><\/figure><div class=\"wp-block-media-text__content\"><div  class=\"tribe-compatibility-container\" >\n\t<div\n\t\t class=\"tribe-common tribe-events tribe-events-view tribe-events-view--widget-events-list tribe-events-widget\" \t\tdata-js=\"tribe-events-view\"\n\t\tdata-view-rest-url=\"https:\/\/www.omasgegenrechts-dresden.de\/index.php\/wp-json\/tribe\/views\/v2\/html\"\n\t\tdata-view-manage-url=\"1\"\n\t\t\t\t\t\t\tdata-view-breakpoint-pointer=\"64d7ab55-76a9-4e89-b783-82ccc2524c11\"\n\t\t\t>\n\t\t<div class=\"tribe-events-widget-events-list\">\n\n\t\t\t<script type=\"application\/ld+json\">\r\n[{\"@context\":\"http:\/\/schema.org\",\"@type\":\"Event\",\"name\":\"Dresden is(s)t bunt\",\"description\":\"&lt;p&gt;Wir teilen den\\u00a0Aufruf von Dresden is(s)t bunt: Eine lange Tafel f\\u00fcr Vielfalt, Offenheit und Miteinander Was macht eine Stadt lebendig? Es sind die Begegnungen, die Gespr\\u00e4che und das Gef\\u00fchl von Gemeinschaft, das entsteht, wenn Menschen zusammenkommen. Genau daf\\u00fcr steht das Gastmahl &quot;Dresden is(s)t bunt&quot;. Am\\u00a031. August 2026\\u00a0verwandelt sich der Dresdner Neumarkt vor der Frauenkirche erneut in eine mehrere hundert Meter&lt;\/p&gt;\\\\n\",\"image\":\"https:\/\/www.omasgegenrechts-dresden.de\/wp-content\/uploads\/2026\/08\/signal-2025-09-01-221635_008.jpeg\",\"url\":\"https:\/\/www.omasgegenrechts-dresden.de\/index.php\/termine\/dresden-isst-bunt-3\/\",\"eventAttendanceMode\":\"https:\/\/schema.org\/OfflineEventAttendanceMode\",\"eventStatus\":\"https:\/\/schema.org\/EventScheduled\",\"startDate\":\"2026-08-31T16:00:00+02:00\",\"endDate\":\"2026-08-31T20:00:00+02:00\",\"location\":{\"@type\":\"Place\",\"name\":\"Dresden, Neumarkt\",\"description\":\"\",\"url\":\"\",\"address\":{\"@type\":\"PostalAddress\",\"streetAddress\":\"Neumarkt\",\"addressLocality\":\"Dresden\",\"postalCode\":\"01067\"},\"telephone\":\"\",\"sameAs\":\"\"},\"performer\":\"Organization\"},{\"@context\":\"http:\/\/schema.org\",\"@type\":\"Event\",\"name\":\"Demokratiefestival in Magdeburg\",\"description\":\"&lt;p&gt;Wir unterst\\u00fctzen den Aufruf von Sachsen-Anhalt. Weltoffen! zum gro\\u00dfen DEMOKRATIEFESTIVAL mit Gro\\u00dfkundgebung und Demonstration: VIELF\\u00c4LTIG. DEMOKRATISCH. SOLIDARISCH. WIR HABEN DIE WAHL. Kommt von \\u00fcberall her nach Magdeburg am Tag vor der Landtagswahl! Wir alle gemeinsam sind das Ausrufezeichen f\\u00fcr Demokratie, Vielfalt und Zusammenhalt in Sachsen-Anhalt und f\\u00fcr Deutschland. Wir sind viele und wir stehen f\\u00fcr eine offene, solidarische Gesellschaft. Wir&lt;\/p&gt;\\\\n\",\"image\":\"https:\/\/www.omasgegenrechts-dresden.de\/wp-content\/uploads\/2026\/07\/Save-the-Date-5-September-1.png\",\"url\":\"https:\/\/www.omasgegenrechts-dresden.de\/index.php\/termine\/save-the-date-demokratiefestival-in-magdeburg\/\",\"eventAttendanceMode\":\"https:\/\/schema.org\/OfflineEventAttendanceMode\",\"eventStatus\":\"https:\/\/schema.org\/EventScheduled\",\"startDate\":\"2026-09-05T13:30:00+02:00\",\"endDate\":\"2026-09-05T20:00:00+02:00\",\"location\":{\"@type\":\"Place\",\"name\":\"Magdeburg, Domplatz\",\"description\":\"\",\"url\":\"\",\"address\":{\"@type\":\"PostalAddress\",\"streetAddress\":\"Domplatz\",\"addressLocality\":\"Magdeburg\",\"addressRegion\":\"Sachsen-Anhalt\"},\"telephone\":\"\",\"sameAs\":\"\"},\"performer\":\"Organization\"},{\"@context\":\"http:\/\/schema.org\",\"@type\":\"Event\",\"name\":\"Buntes Hochland: MitMachMontag\",\"description\":\"&lt;p&gt;Wir unterst\\u00fctzen den Aufruf der Initiative Buntes Hochland: In letzter Zeit gab es besorgniserregende Berichte \\u00fcber rechtsextreme Aktivit\\u00e4ten in unserer Nachbarschaft. Wir sind \\u00fcberzeugt: Unser Stadtteil ist bunt, weltoffen und h\\u00e4lt zusammen. Deshalb laden wir alle jung bis alt herzlich zu unserem MitMachMontag am 07.09. ein. Was erwartet Euch? Vor Ort bieten wir Raum f\\u00fcr Begegnung und Austausch. Wir wollen&lt;\/p&gt;\\\\n\",\"image\":\"https:\/\/www.omasgegenrechts-dresden.de\/wp-content\/uploads\/2026\/08\/MitMachMontag-Buntes-Hochland.png\",\"url\":\"https:\/\/www.omasgegenrechts-dresden.de\/index.php\/termine\/buntes-hochland-mitmachmontag\/\",\"eventAttendanceMode\":\"https:\/\/schema.org\/OfflineEventAttendanceMode\",\"eventStatus\":\"https:\/\/schema.org\/EventScheduled\",\"startDate\":\"2026-09-07T16:00:00+02:00\",\"endDate\":\"2026-09-07T19:00:00+02:00\",\"location\":{\"@type\":\"Place\",\"name\":\"Parkplatz am Gasthof Wei\\u00dfig\",\"description\":\"\",\"url\":\"\",\"address\":{\"@type\":\"PostalAddress\",\"streetAddress\":\"Bautzner Landstra\\u00dfe 280\",\"addressLocality\":\"Dresden\",\"postalCode\":\"01328\"},\"telephone\":\"\",\"sameAs\":\"\"},\"performer\":\"Organization\"},{\"@context\":\"http:\/\/schema.org\",\"@type\":\"Event\",\"name\":\"Gruppentreffen OGR.DD\",\"description\":\"&lt;p&gt;Das monatliche, interne Gruppentreffen der OMAS GEGEN RECHTS.DRESDEN, zu dem wir auch neue Interessentinnen herzlich einladen. Bereits ab 18:00 Uhr wird ein &quot;Vortreffen&quot; f\\u00fcr neue Mitglieder oder Interessentinnen zum Kennenlernen angeboten.&lt;\/p&gt;\\\\n\",\"image\":\"https:\/\/www.omasgegenrechts-dresden.de\/wp-content\/uploads\/2023\/12\/2024-01-11-19.02.34-scaled.jpg\",\"url\":\"https:\/\/www.omasgegenrechts-dresden.de\/index.php\/termine\/gruppentreffen-ogr-dd-31\/\",\"eventAttendanceMode\":\"https:\/\/schema.org\/OfflineEventAttendanceMode\",\"eventStatus\":\"https:\/\/schema.org\/EventScheduled\",\"startDate\":\"2026-09-10T18:45:00+02:00\",\"endDate\":\"2026-09-10T21:00:00+02:00\",\"location\":{\"@type\":\"Place\",\"name\":\"Dresden, FrauenBildungsHaus\",\"description\":\"\",\"url\":\"\",\"address\":{\"@type\":\"PostalAddress\",\"streetAddress\":\"Oskarstra\\u00dfe 1\",\"addressLocality\":\"Dresden\",\"postalCode\":\"01219\"},\"telephone\":\"\",\"sameAs\":\"https:\/\/www.frauenbildungshaus-dresden.de\/\"},\"organizer\":{\"@type\":\"Person\",\"name\":\"OMAS GEGEN RECHTS.DRESDEN\",\"description\":\"\",\"url\":\"https:\/\/www.omasgegenrechts-dresden.de\/\",\"telephone\":\"\",\"email\":\"\",\"sameAs\":\"https:\/\/www.omasgegenrechts-dresden.de\/\"},\"performer\":\"Organization\"},{\"@context\":\"http:\/\/schema.org\",\"@type\":\"Event\",\"name\":\"5. PR\\u00dcF-Demo in Dresden\",\"description\":\"&lt;p&gt;Es ist Zeit f\\u00fcr die n\\u00e4chste PR\\u00dcF-Demo in Dresden! Wir unterst\\u00fctzen den Aufruf zur Demo und werden nat\\u00fcrlich selbst auch vor Ort aktiv sein. PR\\u00dcF Sachsen - PR\\u00dcF steht f\\u00fcr &quot;Pr\\u00fcfung rettet \\u00fcbrigens Freiheit&quot; und wir haben nur eine Forderung: Alle Parteien, die vom Verfassungsschutz als rechtsextremer Verdachtsfall oder gesichert rechtsextrem eingestuft werden, sollen durch das Bundesverfassungsgericht \\u00fcberpr\\u00fcft werden. PR\\u00dcF-Demos&lt;\/p&gt;\\\\n\",\"image\":\"https:\/\/www.omasgegenrechts-dresden.de\/wp-content\/uploads\/2026\/05\/PRUeF-20260912-scaled.jpg\",\"url\":\"https:\/\/www.omasgegenrechts-dresden.de\/index.php\/termine\/pruef-demo-in-dresden-5\/\",\"eventAttendanceMode\":\"https:\/\/schema.org\/OfflineEventAttendanceMode\",\"eventStatus\":\"https:\/\/schema.org\/EventScheduled\",\"startDate\":\"2026-09-12T14:00:00+02:00\",\"endDate\":\"2026-09-12T18:00:00+02:00\",\"location\":{\"@type\":\"Place\",\"name\":\"Dresden, Theaterplatz\",\"description\":\"\",\"url\":\"\",\"address\":{\"@type\":\"PostalAddress\",\"streetAddress\":\"Theaterplatz\",\"addressLocality\":\"Dresden\",\"postalCode\":\"01067\"},\"telephone\":\"\",\"sameAs\":\"\"},\"performer\":\"Organization\"}]\r\n<\/script>\n\t\t\t<script data-js=\"tribe-events-view-data\" type=\"application\/json\">\n\t{\"slug\":\"widget-events-list\",\"prev_url\":\"\",\"next_url\":\"https:\\\/\\\/www.omasgegenrechts-dresden.de\\\/?post_type=tribe_events&eventDisplay=widget-events-list&paged=2\",\"view_class\":\"Tribe\\\\Events\\\\Views\\\\V2\\\\Views\\\\Widgets\\\\Widget_List_View\",\"view_slug\":\"widget-events-list\",\"view_label\":\"View\",\"view\":null,\"should_manage_url\":true,\"id\":null,\"alias-slugs\":null,\"title\":\"Veranstaltungen im 31. August \\u2013 12. September \\u2013 OMAS GEGEN RECHTS.DRESDEN\",\"limit\":\"5\",\"no_upcoming_events\":false,\"featured_events_only\":false,\"jsonld_enable\":true,\"tribe_is_list_widget\":false,\"admin_fields\":{\"title\":{\"label\":\"Titel:\",\"type\":\"text\",\"classes\":\"\",\"dependency\":\"\",\"id\":\"widget-tribe-widget-events-list--1-title\",\"name\":\"widget-tribe-widget-events-list[-1][title]\",\"options\":[],\"placeholder\":\"\",\"value\":null},\"limit\":{\"label\":\"Anzeige:\",\"type\":\"number\",\"default\":5,\"min\":1,\"max\":10,\"step\":1,\"classes\":\"\",\"dependency\":\"\",\"id\":\"widget-tribe-widget-events-list--1-limit\",\"name\":\"widget-tribe-widget-events-list[-1][limit]\",\"options\":[],\"placeholder\":\"\",\"value\":null},\"no_upcoming_events\":{\"label\":\"Blenden Sie dieses Widget aus, wenn es keine bevorstehenden Veranstaltungen gibt.\",\"type\":\"checkbox\",\"classes\":\"\",\"dependency\":\"\",\"id\":\"widget-tribe-widget-events-list--1-no_upcoming_events\",\"name\":\"widget-tribe-widget-events-list[-1][no_upcoming_events]\",\"options\":[],\"placeholder\":\"\",\"value\":null},\"featured_events_only\":{\"label\":\"Nur auf hervorgehobene Veranstaltungen beschr\\u00e4nken\",\"type\":\"checkbox\",\"classes\":\"\",\"dependency\":\"\",\"id\":\"widget-tribe-widget-events-list--1-featured_events_only\",\"name\":\"widget-tribe-widget-events-list[-1][featured_events_only]\",\"options\":[],\"placeholder\":\"\",\"value\":null},\"jsonld_enable\":{\"label\":\"JSON-LD-Daten generieren\",\"type\":\"checkbox\",\"classes\":\"\",\"dependency\":\"\",\"id\":\"widget-tribe-widget-events-list--1-jsonld_enable\",\"name\":\"widget-tribe-widget-events-list[-1][jsonld_enable]\",\"options\":[],\"placeholder\":\"\",\"value\":null}},\"events\":[3577,3468,3573,3519,3326],\"url\":\"https:\\\/\\\/www.omasgegenrechts-dresden.de\\\/?post_type=tribe_events&eventDisplay=widget-events-list\",\"url_event_date\":false,\"bar\":{\"keyword\":\"\",\"date\":\"\"},\"today\":\"2026-08-31 00:00:00\",\"now\":\"2026-08-31 07:08:02\",\"rest_url\":\"https:\\\/\\\/www.omasgegenrechts-dresden.de\\\/index.php\\\/wp-json\\\/tribe\\\/views\\\/v2\\\/html\",\"rest_method\":\"POST\",\"rest_nonce\":\"\",\"today_url\":\"https:\\\/\\\/www.omasgegenrechts-dresden.de\\\/?post_type=tribe_events&eventDisplay=widget-events-list&rest_route=%2Fwp%2Fv2%2Fpages%2F1099\",\"today_title\":\"Heutiges Datum ausw\\u00e4hlen\",\"today_label\":\"Heute\",\"prev_label\":\"\",\"next_label\":\"\",\"date_formats\":{\"compact\":\"n\\\/j\\\/Y\",\"month_and_year_compact\":\"n\\\/Y\",\"month_and_year\":\"F Y\",\"time_range_separator\":\" - \",\"date_time_separator\":\", \"},\"messages\":[],\"start_of_week\":\"1\",\"header_title\":\"\",\"header_title_element\":\"h1\",\"content_title\":\"\",\"breadcrumbs\":[],\"before_events\":\"\",\"after_events\":\"\\n<!--\\nThis calendar is powered by The Events Calendar.\\nhttp:\\\/\\\/evnt.is\\\/18wn\\n-->\\n\",\"display_events_bar\":false,\"disable_event_search\":false,\"live_refresh\":true,\"ical\":{\"display_link\":true,\"link\":{\"url\":\"https:\\\/\\\/www.omasgegenrechts-dresden.de\\\/?post_type=tribe_events&#038;eventDisplay=widget-events-list&#038;ical=1\",\"text\":\"Veranstaltungen als iCal exportieren\",\"title\":\"Diese Funktion verwenden, um Kalenderdaten mit Google Kalender, Apple iCal und kompatiblen Apps zu teilen\"}},\"container_classes\":[\"tribe-common\",\"tribe-events\",\"tribe-events-view\",\"tribe-events-view--widget-events-list\",\"tribe-events-widget\"],\"container_data\":[],\"is_past\":false,\"breakpoints\":{\"xsmall\":500,\"medium\":768,\"full\":960},\"breakpoint_pointer\":\"64d7ab55-76a9-4e89-b783-82ccc2524c11\",\"is_initial_load\":false,\"public_views\":{\"list\":{\"view_class\":\"Tribe\\\\Events\\\\Views\\\\V2\\\\Views\\\\List_View\",\"view_url\":\"https:\\\/\\\/www.omasgegenrechts-dresden.de\\\/termine\\\/liste\\\/\",\"view_label\":\"Liste\"},\"month\":{\"view_class\":\"Tribe\\\\Events\\\\Views\\\\V2\\\\Views\\\\Month_View\",\"view_url\":\"https:\\\/\\\/www.omasgegenrechts-dresden.de\\\/termine\\\/monat\\\/\",\"view_label\":\"Monat\"}},\"show_latest_past\":false,\"compatibility_classes\":[\"tribe-compatibility-container\"],\"view_more_text\":\"Kalender anzeigen\",\"view_more_title\":\"Weitere anzeigen Veranstaltungen.\",\"view_more_link\":\"https:\\\/\\\/www.omasgegenrechts-dresden.de\\\/termine\\\/\",\"widget_title\":\"Anstehende Veranstaltungen\",\"hide_if_no_upcoming_events\":false,\"display\":[],\"subscribe_links\":{\"gcal\":{\"block_slug\":\"hasGoogleCalendar\",\"label\":\"Google Kalender\",\"single_label\":\"Zum Google Kalender hinzuf\\u00fcgen\",\"visible\":true},\"ical\":{\"block_slug\":\"hasiCal\",\"label\":\"iCalendar\",\"single_label\":\"Zu iCalendar hinzuf\\u00fcgen\",\"visible\":true},\"outlook-365\":{\"block_slug\":\"hasOutlook365\",\"label\":\"Outlook 365\",\"single_label\":\"Outlook 365\",\"visible\":true},\"outlook-live\":{\"block_slug\":\"hasOutlookLive\",\"label\":\"Outlook Live\",\"single_label\":\"Outlook Live\",\"visible\":true},\"ics\":{\"label\":\".ics Datei exportieren\",\"single_label\":\".ics Datei exportieren\",\"visible\":true,\"block_slug\":null},\"outlook-ics\":{\"label\":\"Exportiere Outlook .ics Datei\",\"single_label\":\"Exportiere Outlook .ics Datei\",\"visible\":true,\"block_slug\":null}},\"_context\":{\"slug\":\"widget-events-list\"}}<\/script>\n\n\t\t\t\t\t\t\t<header class=\"tribe-events-widget-events-list__header\">\n\t\t\t\t\t<h2 class=\"tribe-events-widget-events-list__header-title tribe-common-h6 tribe-common-h--alt\">\n\t\t\t\t\t\tAnstehende Veranstaltungen\t\t\t\t\t<\/h2>\n\t\t\t\t<\/header>\n\t\t\t\n\t\t\t\n\t\t\t\t<div class=\"tribe-events-widget-events-list__events\">\n\t\t\t\t\t\t\t\t\t\t\t<div  class=\"tribe-common-g-row tribe-events-widget-events-list__event-row\" >\n\n\t<div class=\"tribe-events-widget-events-list__event-date-tag tribe-common-g-col\">\n\t<time class=\"tribe-events-widget-events-list__event-date-tag-datetime\" datetime=\"2026-08-31\">\n\t\t<span class=\"tribe-events-widget-events-list__event-date-tag-month\">\n\t\t\tAug.\t\t<\/span>\n\t\t<span class=\"tribe-events-widget-events-list__event-date-tag-daynum tribe-common-h2 tribe-common-h4--min-medium\">\n\t\t\t31\t\t<\/span>\n\t<\/time>\n<\/div>\n\n\t<div class=\"tribe-events-widget-events-list__event-wrapper tribe-common-g-col\">\n\t\t<article  class=\"tribe-events-widget-events-list__event post-3577 tribe_events type-tribe_events status-publish has-post-thumbnail hentry\" >\n\t\t\t<div class=\"tribe-events-widget-events-list__event-details\">\n\n\t\t\t\t<header class=\"tribe-events-widget-events-list__event-header\">\n\t\t\t\t\t<div class=\"tribe-events-widget-events-list__event-datetime-wrapper tribe-common-b2 tribe-common-b3--min-medium\">\n\t\t<time class=\"tribe-events-widget-events-list__event-datetime\" datetime=\"2026-08-31\">\n\t\t<span class=\"tribe-event-date-start\">16:00<\/span> &#8211; <span class=\"tribe-event-time\">20:00<\/span>\t<\/time>\n\t<\/div>\n\t\t\t\t\t<h3 class=\"tribe-events-widget-events-list__event-title tribe-common-h7\">\n\t<a\n\t\thref=\"https:\/\/www.omasgegenrechts-dresden.de\/index.php\/termine\/dresden-isst-bunt-3\/\"\n\t\ttitle=\"Dresden is(s)t bunt\"\n\t\trel=\"bookmark\"\n\t\tclass=\"tribe-events-widget-events-list__event-title-link tribe-common-anchor-thin\"\n\t>\n\t\tDresden is(s)t bunt\t<\/a>\n<\/h3>\n\t\t\t\t<\/header>\n\n\t\t\t\t\n\t\t\t<\/div>\n\t\t<\/article>\n\t<\/div>\n\n<\/div>\n\t\t\t\t\t\t\t\t\t\t\t<div  class=\"tribe-common-g-row tribe-events-widget-events-list__event-row\" >\n\n\t<div class=\"tribe-events-widget-events-list__event-date-tag tribe-common-g-col\">\n\t<time class=\"tribe-events-widget-events-list__event-date-tag-datetime\" datetime=\"2026-09-05\">\n\t\t<span class=\"tribe-events-widget-events-list__event-date-tag-month\">\n\t\t\tSep.\t\t<\/span>\n\t\t<span class=\"tribe-events-widget-events-list__event-date-tag-daynum tribe-common-h2 tribe-common-h4--min-medium\">\n\t\t\t5\t\t<\/span>\n\t<\/time>\n<\/div>\n\n\t<div class=\"tribe-events-widget-events-list__event-wrapper tribe-common-g-col\">\n\t\t<article  class=\"tribe-events-widget-events-list__event post-3468 tribe_events type-tribe_events status-publish has-post-thumbnail hentry tribe_events_cat-demo tribe_events_cat-kundgebung\" >\n\t\t\t<div class=\"tribe-events-widget-events-list__event-details\">\n\n\t\t\t\t<header class=\"tribe-events-widget-events-list__event-header\">\n\t\t\t\t\t<div class=\"tribe-events-widget-events-list__event-datetime-wrapper tribe-common-b2 tribe-common-b3--min-medium\">\n\t\t<time class=\"tribe-events-widget-events-list__event-datetime\" datetime=\"2026-09-05\">\n\t\t<span class=\"tribe-event-date-start\">13:30<\/span> &#8211; <span class=\"tribe-event-time\">20:00<\/span>\t<\/time>\n\t<\/div>\n\t\t\t\t\t<h3 class=\"tribe-events-widget-events-list__event-title tribe-common-h7\">\n\t<a\n\t\thref=\"https:\/\/www.omasgegenrechts-dresden.de\/index.php\/termine\/save-the-date-demokratiefestival-in-magdeburg\/\"\n\t\ttitle=\"Demokratiefestival in Magdeburg\"\n\t\trel=\"bookmark\"\n\t\tclass=\"tribe-events-widget-events-list__event-title-link tribe-common-anchor-thin\"\n\t>\n\t\tDemokratiefestival in Magdeburg\t<\/a>\n<\/h3>\n\t\t\t\t<\/header>\n\n\t\t\t\t\n\t\t\t<\/div>\n\t\t<\/article>\n\t<\/div>\n\n<\/div>\n\t\t\t\t\t\t\t\t\t\t\t<div  class=\"tribe-common-g-row tribe-events-widget-events-list__event-row\" >\n\n\t<div class=\"tribe-events-widget-events-list__event-date-tag tribe-common-g-col\">\n\t<time class=\"tribe-events-widget-events-list__event-date-tag-datetime\" datetime=\"2026-09-07\">\n\t\t<span class=\"tribe-events-widget-events-list__event-date-tag-month\">\n\t\t\tSep.\t\t<\/span>\n\t\t<span class=\"tribe-events-widget-events-list__event-date-tag-daynum tribe-common-h2 tribe-common-h4--min-medium\">\n\t\t\t7\t\t<\/span>\n\t<\/time>\n<\/div>\n\n\t<div class=\"tribe-events-widget-events-list__event-wrapper tribe-common-g-col\">\n\t\t<article  class=\"tribe-events-widget-events-list__event post-3573 tribe_events type-tribe_events status-publish has-post-thumbnail hentry tribe_events_cat-demo\" >\n\t\t\t<div class=\"tribe-events-widget-events-list__event-details\">\n\n\t\t\t\t<header class=\"tribe-events-widget-events-list__event-header\">\n\t\t\t\t\t<div class=\"tribe-events-widget-events-list__event-datetime-wrapper tribe-common-b2 tribe-common-b3--min-medium\">\n\t\t<time class=\"tribe-events-widget-events-list__event-datetime\" datetime=\"2026-09-07\">\n\t\t<span class=\"tribe-event-date-start\">16:00<\/span> &#8211; <span class=\"tribe-event-time\">19:00<\/span>\t<\/time>\n\t<\/div>\n\t\t\t\t\t<h3 class=\"tribe-events-widget-events-list__event-title tribe-common-h7\">\n\t<a\n\t\thref=\"https:\/\/www.omasgegenrechts-dresden.de\/index.php\/termine\/buntes-hochland-mitmachmontag\/\"\n\t\ttitle=\"Buntes Hochland: MitMachMontag\"\n\t\trel=\"bookmark\"\n\t\tclass=\"tribe-events-widget-events-list__event-title-link tribe-common-anchor-thin\"\n\t>\n\t\tBuntes Hochland: MitMachMontag\t<\/a>\n<\/h3>\n\t\t\t\t<\/header>\n\n\t\t\t\t\n\t\t\t<\/div>\n\t\t<\/article>\n\t<\/div>\n\n<\/div>\n\t\t\t\t\t\t\t\t\t\t\t<div  class=\"tribe-common-g-row tribe-events-widget-events-list__event-row\" >\n\n\t<div class=\"tribe-events-widget-events-list__event-date-tag tribe-common-g-col\">\n\t<time class=\"tribe-events-widget-events-list__event-date-tag-datetime\" datetime=\"2026-09-10\">\n\t\t<span class=\"tribe-events-widget-events-list__event-date-tag-month\">\n\t\t\tSep.\t\t<\/span>\n\t\t<span class=\"tribe-events-widget-events-list__event-date-tag-daynum tribe-common-h2 tribe-common-h4--min-medium\">\n\t\t\t10\t\t<\/span>\n\t<\/time>\n<\/div>\n\n\t<div class=\"tribe-events-widget-events-list__event-wrapper tribe-common-g-col\">\n\t\t<article  class=\"tribe-events-widget-events-list__event post-3519 tribe_events type-tribe_events status-publish has-post-thumbnail hentry tribe_events_cat-gruppentreffen\" >\n\t\t\t<div class=\"tribe-events-widget-events-list__event-details\">\n\n\t\t\t\t<header class=\"tribe-events-widget-events-list__event-header\">\n\t\t\t\t\t<div class=\"tribe-events-widget-events-list__event-datetime-wrapper tribe-common-b2 tribe-common-b3--min-medium\">\n\t\t<time class=\"tribe-events-widget-events-list__event-datetime\" datetime=\"2026-09-10\">\n\t\t<span class=\"tribe-event-date-start\">18:45<\/span> &#8211; <span class=\"tribe-event-time\">21:00<\/span>\t<\/time>\n\t<\/div>\n\t\t\t\t\t<h3 class=\"tribe-events-widget-events-list__event-title tribe-common-h7\">\n\t<a\n\t\thref=\"https:\/\/www.omasgegenrechts-dresden.de\/index.php\/termine\/gruppentreffen-ogr-dd-31\/\"\n\t\ttitle=\"Gruppentreffen OGR.DD\"\n\t\trel=\"bookmark\"\n\t\tclass=\"tribe-events-widget-events-list__event-title-link tribe-common-anchor-thin\"\n\t>\n\t\tGruppentreffen OGR.DD\t<\/a>\n<\/h3>\n\t\t\t\t<\/header>\n\n\t\t\t\t\n\t\t\t<\/div>\n\t\t<\/article>\n\t<\/div>\n\n<\/div>\n\t\t\t\t\t\t\t\t\t\t\t<div  class=\"tribe-common-g-row tribe-events-widget-events-list__event-row\" >\n\n\t<div class=\"tribe-events-widget-events-list__event-date-tag tribe-common-g-col\">\n\t<time class=\"tribe-events-widget-events-list__event-date-tag-datetime\" datetime=\"2026-09-12\">\n\t\t<span class=\"tribe-events-widget-events-list__event-date-tag-month\">\n\t\t\tSep.\t\t<\/span>\n\t\t<span class=\"tribe-events-widget-events-list__event-date-tag-daynum tribe-common-h2 tribe-common-h4--min-medium\">\n\t\t\t12\t\t<\/span>\n\t<\/time>\n<\/div>\n\n\t<div class=\"tribe-events-widget-events-list__event-wrapper tribe-common-g-col\">\n\t\t<article  class=\"tribe-events-widget-events-list__event post-3326 tribe_events type-tribe_events status-publish has-post-thumbnail hentry tribe_events_cat-demo\" >\n\t\t\t<div class=\"tribe-events-widget-events-list__event-details\">\n\n\t\t\t\t<header class=\"tribe-events-widget-events-list__event-header\">\n\t\t\t\t\t<div class=\"tribe-events-widget-events-list__event-datetime-wrapper tribe-common-b2 tribe-common-b3--min-medium\">\n\t\t<time class=\"tribe-events-widget-events-list__event-datetime\" datetime=\"2026-09-12\">\n\t\t<span class=\"tribe-event-date-start\">14:00<\/span> &#8211; <span class=\"tribe-event-time\">18:00<\/span>\t<\/time>\n\t<\/div>\n\t\t\t\t\t<h3 class=\"tribe-events-widget-events-list__event-title tribe-common-h7\">\n\t<a\n\t\thref=\"https:\/\/www.omasgegenrechts-dresden.de\/index.php\/termine\/pruef-demo-in-dresden-5\/\"\n\t\ttitle=\"5. PR\u00dcF-Demo in Dresden\"\n\t\trel=\"bookmark\"\n\t\tclass=\"tribe-events-widget-events-list__event-title-link tribe-common-anchor-thin\"\n\t>\n\t\t5. PR\u00dcF-Demo in Dresden\t<\/a>\n<\/h3>\n\t\t\t\t<\/header>\n\n\t\t\t\t\n\t\t\t<\/div>\n\t\t<\/article>\n\t<\/div>\n\n<\/div>\n\t\t\t\t\t\t\t\t\t<\/div>\n\n\t\t\t\t<div class=\"tribe-events-widget-events-list__view-more tribe-common-b1 tribe-common-b2--min-medium\">\n\t<a\n\t\thref=\"https:\/\/www.omasgegenrechts-dresden.de\/termine\/\"\n\t\tclass=\"tribe-events-widget-events-list__view-more-link tribe-common-anchor-thin\"\n\t\ttitle=\"Weitere anzeigen Veranstaltungen.\"\n\t>\n\t\tKalender anzeigen\t<\/a>\n<\/div>\n\n\t\t\t\t\t<\/div>\n\t<\/div>\n<\/div>\n<script data-js='tribe-events-view-nonce-data' type='application\/json'>{\"_tec_view_rest_nonce_primary\":\"af301a7431\",\"_tec_view_rest_nonce_secondary\":\"\"}<\/script><\/div><\/div>\n\n\n<form role=\"search\" method=\"get\" action=\"https:\/\/www.omasgegenrechts-dresden.de\/\" class=\"wp-block-search__button-outside wp-block-search__text-button wp-block-search\" ><label class=\"wp-block-search__label\" for=\"wp-block-search__input-1\" ><br><strong>Suche in Aktivit\u00e4ten und Seiten<\/strong><\/label><div class=\"wp-block-search__inside-wrapper\"  style=\"width: 880px\"><input class=\"wp-block-search__input\" id=\"wp-block-search__input-1\" placeholder=\"\" value=\"\" type=\"search\" name=\"s\" required \/><button aria-label=\"Suchen\" class=\"wp-block-search__button wp-element-button\" type=\"submit\" >Suchen<\/button><\/div><\/form>\n\n\n<h2 class=\"wp-block-heading\">Letzte Aktivit\u00e4ten<\/h2>\n\n\n\n<p class=\"wp-block-paragraph\"><em>Hinweis: Eine vollst\u00e4ndige \u00dcbersicht aller Beitr\u00e4ge findet sich unter <a href=\"https:\/\/www.omasgegenrechts-dresden.de\/index.php\/category\/aktivitaeten\/\" title=\"Aktivit\u00e4ten\">Aktivit\u00e4ten<\/a><\/em>.<\/p>\n\n\n<ul class=\"wp-block-latest-posts__list has-dates wp-block-latest-posts is-layout-flow wp-block-latest-posts-is-layout-flow\"><li><div class=\"wp-block-latest-posts__featured-image\"><a href=\"https:\/\/www.omasgegenrechts-dresden.de\/index.php\/2026\/08\/23\/gemeinsam-solidarisch-zu-besuch-bei-der-mahnwache-der-wiener-omas\/\" aria-label=\"Gemeinsam solidarisch: Zu Besuch bei der Mahnwache der Wiener OMAS\"><img loading=\"lazy\" decoding=\"async\" width=\"600\" height=\"380\" src=\"https:\/\/www.omasgegenrechts-dresden.de\/wp-content\/uploads\/2026\/08\/WhatsApp-Image-2026-08-21-at-17.45.56-600x380.jpeg\" class=\"attachment-maxwell-thumbnail-large size-maxwell-thumbnail-large wp-post-image\" alt=\"\" style=\"max-width:300px;max-height:190px;\" \/><\/a><\/div><a class=\"wp-block-latest-posts__post-title\" href=\"https:\/\/www.omasgegenrechts-dresden.de\/index.php\/2026\/08\/23\/gemeinsam-solidarisch-zu-besuch-bei-der-mahnwache-der-wiener-omas\/\">Gemeinsam solidarisch: Zu Besuch bei der Mahnwache der Wiener OMAS<\/a><time datetime=\"2026-08-23T21:51:14+02:00\" class=\"wp-block-latest-posts__post-date\">23.08.2026<\/time><div class=\"wp-block-latest-posts__post-excerpt\">Bei einem Besuch in Wien bietet es sich nat\u00fcrlich an, mit den \u201eUR\u201c-OMAS Kontakt aufzunehmen. Die OMAS in Wien f\u00fchren montags \u2013 freitags eine vierst\u00fcndige Mahnwache durch. Sie wollen damit auf die Fl\u00fcchtenden am Rande der EU-Grenzen aufmerksam machen. Und da wollte ich gerne einmal vorbeischauen.<\/div><\/li>\n<li><div class=\"wp-block-latest-posts__featured-image\"><a href=\"https:\/\/www.omasgegenrechts-dresden.de\/index.php\/2026\/08\/12\/mahnwache-fuer-eine-atomwaffenfreie-und-friedliche-welt\/\" aria-label=\"Mahnwache f\u00fcr eine atomwaffenfreie und friedliche Welt\"><img loading=\"lazy\" decoding=\"async\" width=\"600\" height=\"380\" src=\"https:\/\/www.omasgegenrechts-dresden.de\/wp-content\/uploads\/2026\/08\/358ae6a0-2d56-4be5-884c-e0916f906941-600x380.jpg\" class=\"attachment-maxwell-thumbnail-large size-maxwell-thumbnail-large wp-post-image\" alt=\"\" style=\"max-width:300px;max-height:190px;\" \/><\/a><\/div><a class=\"wp-block-latest-posts__post-title\" href=\"https:\/\/www.omasgegenrechts-dresden.de\/index.php\/2026\/08\/12\/mahnwache-fuer-eine-atomwaffenfreie-und-friedliche-welt\/\">Mahnwache f\u00fcr eine atomwaffenfreie und friedliche Welt<\/a><time datetime=\"2026-08-12T21:37:34+02:00\" class=\"wp-block-latest-posts__post-date\">12.08.2026<\/time><div class=\"wp-block-latest-posts__post-excerpt\">Diese Mahnwache von Attac findet schon seit 10 Jahren statt, um an die Atombombenabw\u00fcrfe auf Hiroshima und Nagasaki zu erinnern und die Abschaffung dieser schrecklichen Waffen zu fordern. Wir, acht Frauen, haben Attac diesmal unterst\u00fctzt und einen Nachmittag an der Kreuzkirche gestaltet.<\/div><\/li>\n<li><div class=\"wp-block-latest-posts__featured-image\"><a href=\"https:\/\/www.omasgegenrechts-dresden.de\/index.php\/2026\/08\/05\/unsere-solidaritaet-gilt-dem-frauenbildungshaus-dresden\/\" aria-label=\"Unsere Solidarit\u00e4t gilt dem FrauenBildungsHaus Dresden\"><img loading=\"lazy\" decoding=\"async\" width=\"600\" height=\"380\" src=\"https:\/\/www.omasgegenrechts-dresden.de\/wp-content\/uploads\/2026\/08\/Solidaritaet-mit-dem-FrauenBildungsHaus-Dresden-600x380.png\" class=\"attachment-maxwell-thumbnail-large size-maxwell-thumbnail-large wp-post-image\" alt=\"\" style=\"max-width:300px;max-height:190px;\" \/><\/a><\/div><a class=\"wp-block-latest-posts__post-title\" href=\"https:\/\/www.omasgegenrechts-dresden.de\/index.php\/2026\/08\/05\/unsere-solidaritaet-gilt-dem-frauenbildungshaus-dresden\/\">Unsere Solidarit\u00e4t gilt dem FrauenBildungsHaus Dresden<\/a><time datetime=\"2026-08-05T21:04:23+02:00\" class=\"wp-block-latest-posts__post-date\">05.08.2026<\/time><div class=\"wp-block-latest-posts__post-excerpt\">Liebe Mitarbeiterinnen und Engagierte des FrauenBildungsHauses, ihr seid nicht allein! Manchmal verschl\u00e4gt es einem die Sprache. So ging es auch uns, als wir von dem Angriff auf das FrauenBildungsHaus Dresden erfahren haben.<\/div><\/li>\n<li><div class=\"wp-block-latest-posts__featured-image\"><a href=\"https:\/\/www.omasgegenrechts-dresden.de\/index.php\/2026\/08\/04\/was-leistet-politische-bildung-und-weshalb-ist-sie-unverzichtbar\/\" aria-label=\"Was leistet politische Bildung und weshalb ist sie unverzichtbar?\"><img loading=\"lazy\" decoding=\"async\" width=\"600\" height=\"380\" src=\"https:\/\/www.omasgegenrechts-dresden.de\/wp-content\/uploads\/2026\/08\/politische-Bildung-600x380.png\" class=\"attachment-maxwell-thumbnail-large size-maxwell-thumbnail-large wp-post-image\" alt=\"\" style=\"max-width:300px;max-height:190px;\" \/><\/a><\/div><a class=\"wp-block-latest-posts__post-title\" href=\"https:\/\/www.omasgegenrechts-dresden.de\/index.php\/2026\/08\/04\/was-leistet-politische-bildung-und-weshalb-ist-sie-unverzichtbar\/\">Was leistet politische Bildung und weshalb ist sie unverzichtbar?<\/a><time datetime=\"2026-08-04T19:26:59+02:00\" class=\"wp-block-latest-posts__post-date\">04.08.2026<\/time><div class=\"wp-block-latest-posts__post-excerpt\">Am 26.06.26 fand auf dem Gel\u00e4nde der S\u00e4chsischen Landeszentrale f\u00fcr politische Bildung eine Partnerkonferenz zum Thema &#8220;Was leistet politische Bildung und weshalb ist sie unverzichtbar?&#8221; statt. Drei Frauen aus der Arbeitsgruppe &#8220;Schulen&#8221; der OMAS GEGEN RECHTS.DRESDEN nahmen an dieser Konferenz teil.<\/div><\/li>\n<li><div class=\"wp-block-latest-posts__featured-image\"><a href=\"https:\/\/www.omasgegenrechts-dresden.de\/index.php\/2026\/07\/13\/omas-beim-csd-in-pirna\/\" aria-label=\"OMAS beim CSD in Pirna\"><img loading=\"lazy\" decoding=\"async\" width=\"600\" height=\"380\" src=\"https:\/\/www.omasgegenrechts-dresden.de\/wp-content\/uploads\/2026\/07\/signal-2026-07-11-16-05-15-022_003-1-600x380.jpg\" class=\"attachment-maxwell-thumbnail-large size-maxwell-thumbnail-large wp-post-image\" alt=\"\" style=\"max-width:300px;max-height:190px;\" \/><\/a><\/div><a class=\"wp-block-latest-posts__post-title\" href=\"https:\/\/www.omasgegenrechts-dresden.de\/index.php\/2026\/07\/13\/omas-beim-csd-in-pirna\/\">OMAS beim CSD in Pirna<\/a><time datetime=\"2026-07-13T19:25:19+02:00\" class=\"wp-block-latest-posts__post-date\">13.07.2026<\/time><div class=\"wp-block-latest-posts__post-excerpt\">Wir OMAS GEGEN RECHTS waren beim 15. CSD in Pirna gemeinsam mit vielen gut gelaunten, bunten Menschen auf der Stra\u00dfe, um sichtbar f\u00fcr die Rechte von queeren Menschen einzutreten. Der CSD stand unter dem Motto &#8220;Laut f\u00fcr\u00a0alle, die leise sein m\u00fcssen&#8221;.<\/div><\/li>\n<\/ul>\n\n\n<p class=\"wp-block-paragraph\"><em>Hinweis: Eine vollst\u00e4ndige \u00dcbersicht aller Beitr\u00e4ge findet sich unter <a href=\"https:\/\/www.omasgegenrechts-dresden.de\/index.php\/category\/aktivitaeten\/\" title=\"Aktivit\u00e4ten\">Aktivit\u00e4ten<\/a><\/em>.<\/p>\n\n\n\n<div class=\"wp-block-buttons is-layout-flex wp-block-buttons-is-layout-flex\">\n<div class=\"wp-block-button\"><a class=\"wp-block-button__link wp-element-button\" href=\"https:\/\/www.omasgegenrechts-dresden.de\/index.php\/kontakt\/\" target=\"_blank\" rel=\"noreferrer noopener\">Kontaktieren Sie uns!<\/a><\/div>\n<\/div>\n\n\n\n<p class=\"wp-block-paragraph\">Wir sind auch auf Facebook: Es gibt sowohl eine&nbsp;<a href=\"https:\/\/www.facebook.com\/profile.php?id=100082688465626\" target=\"_blank\" rel=\"noreferrer noopener\">\u00f6ffentliche Seite<\/a>&nbsp;als auch eine&nbsp;<a href=\"https:\/\/www.facebook.com\/groups\/399731047539111\" target=\"_blank\" rel=\"noreferrer noopener\">private Gruppe<\/a>!<\/p>\n","protected":false},"excerpt":{"rendered":"<p>OMAS GEGEN RECHTS.DRESDEN ist eine Gruppe aktiver Frauen, die ihre Stimme gemeinsam f\u00fcr die Zukunft der Kinder und Enkel erheben. Letzte Aktivit\u00e4ten Hinweis: Eine vollst\u00e4ndige \u00dcbersicht aller Beitr\u00e4ge findet sich unter Aktivit\u00e4ten. Hinweis: Eine vollst\u00e4ndige \u00dcbersicht aller Beitr\u00e4ge findet sich unter Aktivit\u00e4ten. Wir sind auch auf Facebook: Es gibt sowohl eine&nbsp;\u00f6ffentliche Seite&nbsp;als auch eine&nbsp;private Gruppe!<\/p>\n","protected":false},"author":1,"featured_media":0,"parent":0,"menu_order":0,"comment_status":"closed","ping_status":"closed","template":"","meta":{"om_disable_all_campaigns":false,"_monsterinsights_skip_tracking":false,"footnotes":""},"class_list":["post-1099","page","type-page","status-publish","hentry"],"aioseo_notices":[],"aioseo_head":"\n\t\t<!-- All in One SEO 5.0.1.1 - aioseo.com -->\n\t<meta name=\"description\" content=\"OMAS GEGEN RECHTS.DRESDEN ist eine Gruppe aktiver Frauen, die ihre Stimme gemeinsam f\u00fcr die Zukunft der Kinder und Enkel erheben.\" \/>\n\t<meta name=\"robots\" content=\"max-image-preview:large\" \/>\n\t<link rel=\"canonical\" href=\"https:\/\/www.omasgegenrechts-dresden.de\/\" \/>\n\t<meta name=\"generator\" content=\"All in One SEO (AIOSEO) 5.0.1.1\" \/>\n\t\t<meta property=\"og:locale\" content=\"de_DE\" \/>\n\t\t<meta property=\"og:site_name\" content=\"OMAS GEGEN RECHTS.DRESDEN -\" \/>\n\t\t<meta property=\"og:type\" content=\"article\" \/>\n\t\t<meta property=\"og:title\" content=\"OMAS GEGEN RECHTS.DRESDEN - OMAS GEGEN RECHTS.DRESDEN\" \/>\n\t\t<meta property=\"og:description\" content=\"OMAS GEGEN RECHTS.DRESDEN ist eine Gruppe aktiver Frauen, die ihre Stimme gemeinsam f\u00fcr die Zukunft der Kinder und Enkel erheben.\" \/>\n\t\t<meta property=\"og:url\" content=\"https:\/\/www.omasgegenrechts-dresden.de\/\" \/>\n\t\t<meta property=\"og:image\" content=\"https:\/\/www.omasgegenrechts-dresden.de\/wp-content\/uploads\/2021\/11\/Picture1.jpg\" \/>\n\t\t<meta property=\"og:image:secure_url\" content=\"https:\/\/www.omasgegenrechts-dresden.de\/wp-content\/uploads\/2021\/11\/Picture1.jpg\" \/>\n\t\t<meta property=\"article:published_time\" content=\"2023-12-22T18:17:47+00:00\" \/>\n\t\t<meta property=\"article:modified_time\" content=\"2026-01-09T09:20:01+00:00\" \/>\n\t\t<meta property=\"article:publisher\" content=\"https:\/\/www.facebook.com\/OMAS-GEGEN-RECHTSDresden-110325594761180\/\" \/>\n\t\t<meta name=\"twitter:card\" content=\"summary\" \/>\n\t\t<meta name=\"twitter:title\" content=\"OMAS GEGEN RECHTS.DRESDEN - OMAS GEGEN RECHTS.DRESDEN\" \/>\n\t\t<meta name=\"twitter:description\" content=\"OMAS GEGEN RECHTS.DRESDEN ist eine Gruppe aktiver Frauen, die ihre Stimme gemeinsam f\u00fcr die Zukunft der Kinder und Enkel erheben.\" \/>\n\t\t<meta name=\"twitter:image\" content=\"https:\/\/www.omasgegenrechts-dresden.de\/wp-content\/uploads\/2021\/11\/Picture1.jpg\" \/>\n\t\t<script type=\"application\/ld+json\" class=\"aioseo-schema\">\n\t\t\t{\"@context\":\"https:\\\/\\\/schema.org\",\"@graph\":[{\"@type\":\"BreadcrumbList\",\"@id\":\"https:\\\/\\\/www.omasgegenrechts-dresden.de\\\/#breadcrumblist\",\"itemListElement\":[{\"@type\":\"ListItem\",\"@id\":\"https:\\\/\\\/www.omasgegenrechts-dresden.de#listItem\",\"position\":1,\"name\":\"Home\",\"item\":\"https:\\\/\\\/www.omasgegenrechts-dresden.de\",\"nextItem\":{\"@type\":\"ListItem\",\"@id\":\"https:\\\/\\\/www.omasgegenrechts-dresden.de\\\/#listItem\",\"name\":\"OMAS GEGEN RECHTS.DRESDEN\"}},{\"@type\":\"ListItem\",\"@id\":\"https:\\\/\\\/www.omasgegenrechts-dresden.de\\\/#listItem\",\"position\":2,\"name\":\"OMAS GEGEN RECHTS.DRESDEN\",\"previousItem\":{\"@type\":\"ListItem\",\"@id\":\"https:\\\/\\\/www.omasgegenrechts-dresden.de#listItem\",\"name\":\"Home\"}}]},{\"@type\":\"Organization\",\"@id\":\"https:\\\/\\\/www.omasgegenrechts-dresden.de\\\/#organization\",\"name\":\"OMAS GEGEN RECHTS.DRESDEN\",\"url\":\"https:\\\/\\\/www.omasgegenrechts-dresden.de\\\/\",\"logo\":{\"@type\":\"ImageObject\",\"url\":\"https:\\\/\\\/www.omasgegenrechts-dresden.de\\\/wp-content\\\/uploads\\\/2024\\\/01\\\/cropped-omas_600.jpg\",\"@id\":\"https:\\\/\\\/www.omasgegenrechts-dresden.de\\\/#organizationLogo\",\"width\":512,\"height\":512,\"caption\":\"OMAS GEGEN RECHTS DRESDEN\"},\"image\":{\"@id\":\"https:\\\/\\\/www.omasgegenrechts-dresden.de\\\/#organizationLogo\"},\"sameAs\":[\"https:\\\/\\\/www.facebook.com\\\/OMAS-GEGEN-RECHTSDresden-110325594761180\\\/\"]},{\"@type\":\"WebPage\",\"@id\":\"https:\\\/\\\/www.omasgegenrechts-dresden.de\\\/#webpage\",\"url\":\"https:\\\/\\\/www.omasgegenrechts-dresden.de\\\/\",\"name\":\"OMAS GEGEN RECHTS.DRESDEN - OMAS GEGEN RECHTS.DRESDEN\",\"description\":\"OMAS GEGEN RECHTS.DRESDEN ist eine Gruppe aktiver Frauen, die ihre Stimme gemeinsam f\\u00fcr die Zukunft der Kinder und Enkel erheben.\",\"inLanguage\":\"de-DE-formal\",\"isPartOf\":{\"@id\":\"https:\\\/\\\/www.omasgegenrechts-dresden.de\\\/#website\"},\"breadcrumb\":{\"@id\":\"https:\\\/\\\/www.omasgegenrechts-dresden.de\\\/#breadcrumblist\"},\"datePublished\":\"2023-12-22T19:17:47+01:00\",\"dateModified\":\"2026-01-09T10:20:01+01:00\"},{\"@type\":\"WebSite\",\"@id\":\"https:\\\/\\\/www.omasgegenrechts-dresden.de\\\/#website\",\"url\":\"https:\\\/\\\/www.omasgegenrechts-dresden.de\\\/\",\"name\":\"OMAS GEGEN RECHTS.DRESDEN\",\"inLanguage\":\"de-DE-formal\",\"publisher\":{\"@id\":\"https:\\\/\\\/www.omasgegenrechts-dresden.de\\\/#organization\"}}]}\n\t\t<\/script>\n\t\t<!-- All in One SEO -->\n\n","aioseo_head_json":{"title":"OMAS GEGEN RECHTS.DRESDEN - OMAS GEGEN RECHTS.DRESDEN","description":"OMAS GEGEN RECHTS.DRESDEN ist eine Gruppe aktiver Frauen, die ihre Stimme gemeinsam f\u00fcr die Zukunft der Kinder und Enkel erheben.","canonical_url":"https:\/\/www.omasgegenrechts-dresden.de\/","robots":"max-image-preview:large","keywords":"","webmasterTools":{"miscellaneous":""},"schema":{"@context":"https:\/\/schema.org","@graph":[{"@type":"BreadcrumbList","@id":"https:\/\/www.omasgegenrechts-dresden.de\/#breadcrumblist","itemListElement":[{"@type":"ListItem","@id":"https:\/\/www.omasgegenrechts-dresden.de#listItem","position":1,"name":"Home","item":"https:\/\/www.omasgegenrechts-dresden.de","nextItem":{"@type":"ListItem","@id":"https:\/\/www.omasgegenrechts-dresden.de\/#listItem","name":"OMAS GEGEN RECHTS.DRESDEN"}},{"@type":"ListItem","@id":"https:\/\/www.omasgegenrechts-dresden.de\/#listItem","position":2,"name":"OMAS GEGEN RECHTS.DRESDEN","previousItem":{"@type":"ListItem","@id":"https:\/\/www.omasgegenrechts-dresden.de#listItem","name":"Home"}}]},{"@type":"Organization","@id":"https:\/\/www.omasgegenrechts-dresden.de\/#organization","name":"OMAS GEGEN RECHTS.DRESDEN","url":"https:\/\/www.omasgegenrechts-dresden.de\/","logo":{"@type":"ImageObject","url":"https:\/\/www.omasgegenrechts-dresden.de\/wp-content\/uploads\/2024\/01\/cropped-omas_600.jpg","@id":"https:\/\/www.omasgegenrechts-dresden.de\/#organizationLogo","width":512,"height":512,"caption":"OMAS GEGEN RECHTS DRESDEN"},"image":{"@id":"https:\/\/www.omasgegenrechts-dresden.de\/#organizationLogo"},"sameAs":["https:\/\/www.facebook.com\/OMAS-GEGEN-RECHTSDresden-110325594761180\/"]},{"@type":"WebPage","@id":"https:\/\/www.omasgegenrechts-dresden.de\/#webpage","url":"https:\/\/www.omasgegenrechts-dresden.de\/","name":"OMAS GEGEN RECHTS.DRESDEN - OMAS GEGEN RECHTS.DRESDEN","description":"OMAS GEGEN RECHTS.DRESDEN ist eine Gruppe aktiver Frauen, die ihre Stimme gemeinsam f\u00fcr die Zukunft der Kinder und Enkel erheben.","inLanguage":"de-DE-formal","isPartOf":{"@id":"https:\/\/www.omasgegenrechts-dresden.de\/#website"},"breadcrumb":{"@id":"https:\/\/www.omasgegenrechts-dresden.de\/#breadcrumblist"},"datePublished":"2023-12-22T19:17:47+01:00","dateModified":"2026-01-09T10:20:01+01:00"},{"@type":"WebSite","@id":"https:\/\/www.omasgegenrechts-dresden.de\/#website","url":"https:\/\/www.omasgegenrechts-dresden.de\/","name":"OMAS GEGEN RECHTS.DRESDEN","inLanguage":"de-DE-formal","publisher":{"@id":"https:\/\/www.omasgegenrechts-dresden.de\/#organization"}}]},"og:locale":"de_DE","og:site_name":"OMAS GEGEN RECHTS.DRESDEN -","og:type":"article","og:title":"OMAS GEGEN RECHTS.DRESDEN - OMAS GEGEN RECHTS.DRESDEN","og:description":"OMAS GEGEN RECHTS.DRESDEN ist eine Gruppe aktiver Frauen, die ihre Stimme gemeinsam f\u00fcr die Zukunft der Kinder und Enkel erheben.","og:url":"https:\/\/www.omasgegenrechts-dresden.de\/","og:image":"https:\/\/www.omasgegenrechts-dresden.de\/wp-content\/uploads\/2021\/11\/Picture1.jpg","og:image:secure_url":"https:\/\/www.omasgegenrechts-dresden.de\/wp-content\/uploads\/2021\/11\/Picture1.jpg","article:published_time":"2023-12-22T18:17:47+00:00","article:modified_time":"2026-01-09T09:20:01+00:00","article:publisher":"https:\/\/www.facebook.com\/OMAS-GEGEN-RECHTSDresden-110325594761180\/","twitter:card":"summary","twitter:title":"OMAS GEGEN RECHTS.DRESDEN - OMAS GEGEN RECHTS.DRESDEN","twitter:description":"OMAS GEGEN RECHTS.DRESDEN ist eine Gruppe aktiver Frauen, die ihre Stimme gemeinsam f\u00fcr die Zukunft der Kinder und Enkel erheben.","twitter:image":"https:\/\/www.omasgegenrechts-dresden.de\/wp-content\/uploads\/2021\/11\/Picture1.jpg"},"aioseo_meta_data":{"post_id":"1099","title":"OMAS GEGEN RECHTS.DRESDEN - OMAS GEGEN RECHTS.DRESDEN","description":"OMAS GEGEN RECHTS.DRESDEN ist eine Gruppe aktiver Frauen, die ihre Stimme gemeinsam f\u00fcr die Zukunft der Kinder und Enkel erheben.","keywords":null,"keyphrases":{"focus":{"keyphrase":"OMAS GEGEN RECHTS.DRESDEN","score":80},"additional":[]},"primary_term":null,"canonical_url":null,"og_title":null,"og_description":null,"og_object_type":"default","og_image_type":"default","og_image_url":null,"og_image_width":null,"og_image_height":null,"og_image_custom_url":null,"og_image_custom_fields":null,"og_video":"","og_custom_url":null,"og_article_section":null,"og_article_tags":null,"twitter_use_og":false,"twitter_card":"default","twitter_image_type":"default","twitter_image_url":null,"twitter_image_custom_url":null,"twitter_image_custom_fields":null,"twitter_title":null,"twitter_description":null,"schema":{"blockGraphs":[],"customGraphs":[],"default":{"data":{"Article":[],"Course":[],"Dataset":[],"FAQPage":[],"Movie":[],"Person":[],"Product":[],"ProductReview":[],"Car":[],"Recipe":[],"Service":[],"SoftwareApplication":[],"WebPage":[]},"graphName":"WebPage","isEnabled":true},"graphs":[]},"schema_type":"default","schema_type_options":null,"pillar_content":false,"robots_default":true,"robots_noindex":false,"robots_noarchive":false,"robots_nosnippet":false,"robots_nofollow":false,"robots_noimageindex":false,"robots_noodp":false,"robots_notranslate":false,"robots_max_snippet":"-1","robots_max_videopreview":"-1","robots_max_imagepreview":"large","priority":null,"frequency":"default","local_seo":null,"breadcrumb_settings":null,"limit_modified_date":false,"ai":{"faqs":[],"keyPoints":[],"titles":[],"descriptions":[],"socialPosts":{"email":[],"linkedin":[],"twitter":[],"facebook":[],"instagram":[]}},"created":"2023-12-22 18:11:24","updated":"2026-08-16 08:52:45","seo_analyzer_scan_date":null,"focus_keyword":"OMAS GEGEN RECHTS.DRESDEN","additional_keywords":null,"truseo_locale":null},"aioseo_breadcrumb":"<div class=\"aioseo-breadcrumbs\"><span class=\"aioseo-breadcrumb\">\n\t\t\t<a href=\"https:\/\/www.omasgegenrechts-dresden.de\" title=\"Home\">Home<\/a>\n\t\t<\/span><span class=\"aioseo-breadcrumb-separator\">\u203a<\/span><span class=\"aioseo-breadcrumb\">\n\t\t\tOMAS GEGEN RECHTS.DRESDEN\n\t\t<\/span><\/div>","aioseo_breadcrumb_json":[{"label":"Home","link":"https:\/\/www.omasgegenrechts-dresden.de"},{"label":"OMAS GEGEN RECHTS.DRESDEN","link":"https:\/\/www.omasgegenrechts-dresden.de\/"}],"_links":{"self":[{"href":"https:\/\/www.omasgegenrechts-dresden.de\/index.php\/wp-json\/wp\/v2\/pages\/1099","targetHints":{"allow":["GET"]}}],"collection":[{"href":"https:\/\/www.omasgegenrechts-dresden.de\/index.php\/wp-json\/wp\/v2\/pages"}],"about":[{"href":"https:\/\/www.omasgegenrechts-dresden.de\/index.php\/wp-json\/wp\/v2\/types\/page"}],"author":[{"embeddable":true,"href":"https:\/\/www.omasgegenrechts-dresden.de\/index.php\/wp-json\/wp\/v2\/users\/1"}],"replies":[{"embeddable":true,"href":"https:\/\/www.omasgegenrechts-dresden.de\/index.php\/wp-json\/wp\/v2\/comments?post=1099"}],"version-history":[{"count":49,"href":"https:\/\/www.omasgegenrechts-dresden.de\/index.php\/wp-json\/wp\/v2\/pages\/1099\/revisions"}],"predecessor-version":[{"id":3005,"href":"https:\/\/www.omasgegenrechts-dresden.de\/index.php\/wp-json\/wp\/v2\/pages\/1099\/revisions\/3005"}],"wp:attachment":[{"href":"https:\/\/www.omasgegenrechts-dresden.de\/index.php\/wp-json\/wp\/v2\/media?parent=1099"}],"curies":[{"name":"wp","href":"https:\/\/api.w.org\/{rel}","templated":true}]}}