{"id":1028,"date":"2023-12-21T10:52:07","date_gmt":"2023-12-21T09:52:07","guid":{"rendered":"https:\/\/www.omasgegenrechts-dresden.de\/?post_type=tribe_events&#038;p=1028"},"modified":"2024-02-04T15:34:15","modified_gmt":"2024-02-04T14:34:15","slug":"mahnwache-fuer-frieden-gegen-krieg-und-gewalt-ueberall-3","status":"publish","type":"tribe_events","link":"https:\/\/www.omasgegenrechts-dresden.de\/index.php\/termine\/mahnwache-fuer-frieden-gegen-krieg-und-gewalt-ueberall-3\/","title":{"rendered":"Mahnwache &#8220;F\u00fcr Frieden \u2013 gegen Krieg und Gewalt \u00fcberall&#8221; zum 13. Februar"},"content":{"rendered":"<p>Am 13. Februar vor 79 Jahren wurde Dresden bombardiert.<\/p>\n<p>Dresden \u2013 eine Stadt<\/p>\n<ul>\n<li>deren Bev\u00f6lkerung gr\u00f6\u00dftenteils entweder stillschweigend, gleichg\u00fcltig und mitlaufend oder aktiv bejahend den Aufstieg der Nationalsozialisten bef\u00f6rderte (bei den Reichstagswahlen von September 1930 bis M\u00e4rz 1933 konnte die NSDAP im Wahlkreis Dresden-Bautzen ihren Stimmenanteil in 2,5 Jahren mehr als verdreifachen)<\/li>\n<li>in der bereits am 8. M\u00e4rz 1933 vor dem Geb\u00e4ude der Dresdner Volkszeitung eine B\u00fccherverbrennung stattgefunden hatte<\/li>\n<li>in der schon am 23. September 1933 im Rathaus eine Ausstellung &#8220;Entartete Kunst&#8221; veranstaltet wurde<\/li>\n<li>und deren Bev\u00f6lkerung es in schrecklichster Konsequenz nicht verhindern konnte, dass 4397 Menschen j\u00fcdischen Glaubens aus ihrer Mitte fliehen mussten, deportiert und ermordet wurden.<\/li>\n<\/ul>\n<p>Es gab in Dresden auch Menschen, die sich mahnend, aktiv und mutig dem Nationalsozialismus entgegenstellten. Aber sie waren zu wenige.<\/p>\n<p>Zur grausamen Realit\u00e4t geh\u00f6rt: Kriege bleiben nicht &#8220;Materialschlachten&#8221; ohne Auswirkung auf die Zivilbev\u00f6lkerung! Die Gewalt eines Krieges macht nicht Halt vor den St\u00e4dten und D\u00f6rfern. Die zivile Bev\u00f6lkerung \u2013 ob widerst\u00e4ndig, mitlaufend oder aktiv den Krieg bejahend \u2013 ist immer betroffen. \u00a0Die nat\u00fcrlichen Lebensgrundlagen werden vernichtet: Felder werden unbrauchbar, Tiere sterben in ihren St\u00e4llen, Natur und Kulturdenkmale sind unwiederbringlich zerst\u00f6rt.<\/p>\n<p>Der 2. Weltkrieg ist in das Land zur\u00fcckgekehrt, das den Krieg begonnen hat. Am 13. Februar 1945 hat das auch die Stadt Dresden erfahren. 25.000 Menschen verloren ihr Leben. Schon im Laufe des Krieges starben Dresdner M\u00e4nner als Soldaten. Seit 1933 wurden J\u00fcdinnen und Juden schikaniert, zur Flucht gezwungen und schlie\u00dflich deportiert und ermordet. Diese traumatischen Erfahrungen wirken im Leben von Dresdner Familien noch heute nach.<\/p>\n<p>Auch im Jahr 2024 sind wir mit Kriegen und kriegs\u00e4hnlichen Konflikten weltweit konfrontiert. Die Folgen sind heute keine anderen als 1945: unz\u00e4hlige Tote, traumatisierte \u00dcberlebende, besonders auch Kinder, Tr\u00fcmmerlandschaften\u2026<\/p>\n<p><strong>F\u00fcr die Initiative OMAS GEGEN RECHTS.DRESDEN ist der 13. Februar ein Tag, an dem wir aus der Erinnerung heraus die Gegenwart und Zukunft in den Blick nehmen!\u00a0 <\/strong><\/p>\n<p><strong>Die Mahnwache &#8220;F\u00fcr Frieden \u2013 gegen Krieg und Gewalt \u00fcberall!&#8221; soll daf\u00fcr ein Zeichen setzen. Wir sind still, wenn wir an die unz\u00e4hligen Toten der Kriege und Auseinandersetzungen vergangener Jahrhunderte, des 20. Jahrhunderts und unserer Gegenwart denken. <\/strong><\/p>\n<p><strong>Es muss doch gelingen, unterschiedliche Interessen und daraus resultierende Konflikte ohne Blutvergie\u00dfen zu l\u00f6sen! Wir lassen uns die Hoffnung nicht nehmen!<\/strong><\/p>\n<p>Gerne kann die Information zur Veranstaltung geteilt werden. Wom\u00f6glich hat ja die oder der eine oder andere Dresdner*in bzw. gerade in der Stadt Weilende sogar Lust, sich f\u00fcr ein Weilchen dazuzugesellen?<\/p>\n<p><span style=\"text-decoration: underline;\">Orte und Zeiten:<\/span><\/p>\n<ul>\n<li>12.00 bis 14.30 Postplatz<\/li>\n<li>14.30 bis 15.00 Weg zum Kulturpalast<\/li>\n<li>15.00 bis 17.00 Kulturpalast<\/li>\n<\/ul>\n","protected":false},"excerpt":{"rendered":"<p>Am 13. Februar vor 79 Jahren wurde Dresden bombardiert. Dresden \u2013 eine Stadt deren Bev\u00f6lkerung gr\u00f6\u00dftenteils entweder stillschweigend, gleichg\u00fcltig und mitlaufend oder aktiv bejahend den Aufstieg der Nationalsozialisten bef\u00f6rderte (bei den Reichstagswahlen von September 1930 bis M\u00e4rz 1933 konnte die NSDAP im Wahlkreis Dresden-Bautzen ihren Stimmenanteil in 2,5 Jahren mehr als verdreifachen) in der bereits am 8. M\u00e4rz 1933 vor<\/p>\n","protected":false},"author":1,"featured_media":935,"comment_status":"closed","ping_status":"closed","template":"","meta":{"om_disable_all_campaigns":false,"_monsterinsights_skip_tracking":false,"_monsterinsights_sitenote_active":false,"_monsterinsights_sitenote_note":"","_monsterinsights_sitenote_category":0,"_tribe_events_status":"","_tribe_events_status_reason":"","footnotes":""},"tags":[],"tribe_events_cat":[14],"class_list":["post-1028","tribe_events","type-tribe_events","status-publish","has-post-thumbnail","hentry","tribe_events_cat-mahnwache","cat_mahnwache"],"aioseo_notices":[],"_links":{"self":[{"href":"https:\/\/www.omasgegenrechts-dresden.de\/index.php\/wp-json\/wp\/v2\/tribe_events\/1028","targetHints":{"allow":["GET"]}}],"collection":[{"href":"https:\/\/www.omasgegenrechts-dresden.de\/index.php\/wp-json\/wp\/v2\/tribe_events"}],"about":[{"href":"https:\/\/www.omasgegenrechts-dresden.de\/index.php\/wp-json\/wp\/v2\/types\/tribe_events"}],"author":[{"embeddable":true,"href":"https:\/\/www.omasgegenrechts-dresden.de\/index.php\/wp-json\/wp\/v2\/users\/1"}],"replies":[{"embeddable":true,"href":"https:\/\/www.omasgegenrechts-dresden.de\/index.php\/wp-json\/wp\/v2\/comments?post=1028"}],"version-history":[{"count":8,"href":"https:\/\/www.omasgegenrechts-dresden.de\/index.php\/wp-json\/wp\/v2\/tribe_events\/1028\/revisions"}],"predecessor-version":[{"id":1264,"href":"https:\/\/www.omasgegenrechts-dresden.de\/index.php\/wp-json\/wp\/v2\/tribe_events\/1028\/revisions\/1264"}],"wp:featuredmedia":[{"embeddable":true,"href":"https:\/\/www.omasgegenrechts-dresden.de\/index.php\/wp-json\/wp\/v2\/media\/935"}],"wp:attachment":[{"href":"https:\/\/www.omasgegenrechts-dresden.de\/index.php\/wp-json\/wp\/v2\/media?parent=1028"}],"wp:term":[{"taxonomy":"post_tag","embeddable":true,"href":"https:\/\/www.omasgegenrechts-dresden.de\/index.php\/wp-json\/wp\/v2\/tags?post=1028"},{"taxonomy":"tribe_events_cat","embeddable":true,"href":"https:\/\/www.omasgegenrechts-dresden.de\/index.php\/wp-json\/wp\/v2\/tribe_events_cat?post=1028"}],"curies":[{"name":"wp","href":"https:\/\/api.w.org\/{rel}","templated":true}]}}