{"id":3233,"date":"2026-04-29T22:24:10","date_gmt":"2026-04-29T20:24:10","guid":{"rendered":"https:\/\/www.omasgegenrechts-dresden.de\/?post_type=tribe_events&#038;p=3233"},"modified":"2026-04-29T22:24:10","modified_gmt":"2026-04-29T20:24:10","slug":"pruef-demo-in-dresden","status":"publish","type":"tribe_events","link":"https:\/\/www.omasgegenrechts-dresden.de\/index.php\/termine\/pruef-demo-in-dresden\/","title":{"rendered":"PR\u00dcF-Demo in Dresden"},"content":{"rendered":"<p>Wir unterst\u00fctzen den <a href=\"https:\/\/www.instagram.com\/pruef.sn\/p\/DXTzd_yjF0T\/\" target=\"_blank\" rel=\"noopener\">Aufruf zur 1. PR\u00dcF-Demo in Dresden<\/a> (s.a. <a href=\"https:\/\/pruef-demos.de\/sachsen\/\" target=\"_blank\" rel=\"noopener\">PR\u00dcF Sachsen<\/a>):<\/p>\n<p><em>Der Start der Demo steht fest! Wir schaffen es zum 09. Mai und freuen uns riesig drauf, euch alle 12:30 am Theaterplatz zu begr\u00fc\u00dfen. Lasst uns zeigen, dass wir auch in Sachsen f\u00fcr Demokratie und nat\u00fcrlich f\u00fcr die ordnungsgem\u00e4\u00dfe Pr\u00fcfung wichtiger Angelegenheiten einstehen! Wir demonstrieren daf\u00fcr, dass die S\u00e4chsische Landesvertretung im Bundesrat einen Antrag auf Pr\u00fcfung rechtsextremer Parteien unterst\u00fctzt.<\/em><br \/>\n<em>Es wird Mitmach-St\u00e4nde, tolle Musik, eine Laufdemo, einen Familienbereich und nat\u00fcrlich Stempel f\u00fcr eure Demo-Stempelkarten geben. Wir sehen uns im Mai!<\/em><\/p>\n","protected":false},"excerpt":{"rendered":"<p>Wir unterst\u00fctzen den Aufruf zur 1. PR\u00dcF-Demo in Dresden (s.a. PR\u00dcF Sachsen): Der Start der Demo steht fest! Wir schaffen es zum 09. Mai und freuen uns riesig drauf, euch alle 12:30 am Theaterplatz zu begr\u00fc\u00dfen. Lasst uns zeigen, dass wir auch in Sachsen f\u00fcr Demokratie und nat\u00fcrlich f\u00fcr die ordnungsgem\u00e4\u00dfe Pr\u00fcfung wichtiger Angelegenheiten einstehen! Wir demonstrieren daf\u00fcr, dass die<\/p>\n","protected":false},"author":4,"featured_media":3235,"comment_status":"closed","ping_status":"closed","template":"","meta":{"om_disable_all_campaigns":false,"_monsterinsights_skip_tracking":false,"_monsterinsights_sitenote_active":false,"_monsterinsights_sitenote_note":"","_monsterinsights_sitenote_category":0,"_tribe_events_status":"","_tribe_events_status_reason":"","footnotes":""},"tags":[],"tribe_events_cat":[16],"class_list":["post-3233","tribe_events","type-tribe_events","status-publish","has-post-thumbnail","hentry","tribe_events_cat-demo","cat_demo"],"aioseo_notices":[],"_links":{"self":[{"href":"https:\/\/www.omasgegenrechts-dresden.de\/index.php\/wp-json\/wp\/v2\/tribe_events\/3233","targetHints":{"allow":["GET"]}}],"collection":[{"href":"https:\/\/www.omasgegenrechts-dresden.de\/index.php\/wp-json\/wp\/v2\/tribe_events"}],"about":[{"href":"https:\/\/www.omasgegenrechts-dresden.de\/index.php\/wp-json\/wp\/v2\/types\/tribe_events"}],"author":[{"embeddable":true,"href":"https:\/\/www.omasgegenrechts-dresden.de\/index.php\/wp-json\/wp\/v2\/users\/4"}],"replies":[{"embeddable":true,"href":"https:\/\/www.omasgegenrechts-dresden.de\/index.php\/wp-json\/wp\/v2\/comments?post=3233"}],"version-history":[{"count":1,"href":"https:\/\/www.omasgegenrechts-dresden.de\/index.php\/wp-json\/wp\/v2\/tribe_events\/3233\/revisions"}],"predecessor-version":[{"id":3236,"href":"https:\/\/www.omasgegenrechts-dresden.de\/index.php\/wp-json\/wp\/v2\/tribe_events\/3233\/revisions\/3236"}],"wp:featuredmedia":[{"embeddable":true,"href":"https:\/\/www.omasgegenrechts-dresden.de\/index.php\/wp-json\/wp\/v2\/media\/3235"}],"wp:attachment":[{"href":"https:\/\/www.omasgegenrechts-dresden.de\/index.php\/wp-json\/wp\/v2\/media?parent=3233"}],"wp:term":[{"taxonomy":"post_tag","embeddable":true,"href":"https:\/\/www.omasgegenrechts-dresden.de\/index.php\/wp-json\/wp\/v2\/tags?post=3233"},{"taxonomy":"tribe_events_cat","embeddable":true,"href":"https:\/\/www.omasgegenrechts-dresden.de\/index.php\/wp-json\/wp\/v2\/tribe_events_cat?post=3233"}],"curies":[{"name":"wp","href":"https:\/\/api.w.org\/{rel}","templated":true}]}}